{"id":1448,"date":"2022-05-25T10:39:28","date_gmt":"2022-05-25T10:39:28","guid":{"rendered":"https:\/\/www.academiadelasartesescenicas.es\/escueladeverano\/?page_id=1448"},"modified":"2022-05-25T12:10:04","modified_gmt":"2022-05-25T12:10:04","slug":"escuela-de-verano-aviles-2021","status":"publish","type":"page","link":"https:\/\/www.academiadelasartesescenicas.es\/escueladeverano\/escuela-de-verano-aviles-2021\/","title":{"rendered":"Escuela de verano Avil\u00e9s 2021"},"content":{"rendered":"\n<p>Este curso fue organizado por la <strong>Academia de las Artes Esc\u00e9nicas de Espa\u00f1a<\/strong>, el <a href=\"http:\/\/aviles.es\/\"><strong>Ayuntamiento de Avil\u00e9s<\/strong><\/a> y la <a href=\"https:\/\/www.uniovi.es\/\"><strong>Universidad de Oviedo<\/strong><\/a>, con la colaboraci\u00f3n de la <a href=\"https:\/\/www.esadasturias.es\/\"><strong>ESAD de Asturias<\/strong><\/a><strong> <\/strong>y<strong> <\/strong>propone una reflexi\u00f3n sobre las artes esc\u00e9nicas en la actualidad, con el tel\u00f3n de fondo del <strong>Teatro Palacio Vald\u00e9s<\/strong> que el pasado 2020 cumpli\u00f3 cien a\u00f1os de actividad.<\/p>\n\n\n\n<div class=\"wp-block-image\"><figure class=\"aligncenter is-resized\"><img loading=\"lazy\" decoding=\"async\" src=\"https:\/\/lh3.googleusercontent.com\/Ckhkl-GLHJpH8xc8wNKisXbkbYpkjT46vKqbe59NnH4293r5qgSE-Xjafo6Y8x1Fsjn9DKVi4T2QBld1r0CaOu5g7iQILGnC4WWDZLiHx0beLx_FyOwulFotHX8dBVueH4a0fINDwoMSR0bMZg\" alt=\"\" width=\"591\" height=\"591\"\/><\/figure><\/div>\n\n\n\n<p><\/p>\n\n\n\n<p><strong>Ma\u00f1anas:&nbsp;<\/strong><\/p>\n\n\n\n<p>Clases magistrales impartidas por conocidas personalidades del mundo de la escena, que versaron sobre los siguientes temas: \u201cInterpretar en cualquier medio expresivo\u201d, \u201cEl escritor en el tablado\u201dy \u201cTeatro y ciudad. El edificio teatral en la identidad de las ciudades\u201d, m\u00e1s una charla-coloquio sobre \u201c\u00d3pera y zarzuela como obras totales\u201d.<\/p>\n\n\n\n<p>La segunda parte de las ma\u00f1anas incluyeron debates que llamamos \u2018Di\u00e1logos con\u2019, en los que una serie de profesionales de la escena hablaron sobre: \u201cLa direcci\u00f3n desde la mirada de la actuaci\u00f3n\u201d, \u201cNuevas dramaturgias en la programaci\u00f3n de los teatros oficiales\u201d, \u201cC\u00f3micos de la legua\u201d (homenaje a Fernando Fern\u00e1n G\u00f3mez en el Centenario de su nacimiento) y \u201cM\u00fasica y danza en la escena\u201d.<\/p>\n\n\n\n<p><strong>Tardes:<\/strong><\/p>\n\n\n\n<p>Masterclass: \u201cDramaturgia Biogr\u00e1fica. Personajes m\u00edticos, hist\u00f3ricos o contempor\u00e1neos\u00bb,&nbsp; \u201cEl teatro iluminado\u201d, \u201cLa escenogr\u00e1fia sonora en el teatro\u201d y \u201cEl teatro desde la perspectiva de g\u00e9nero\u201d. La segunda parte vespertina consisti\u00f3 en laboratorios transversales en los que los alumnos se dividir\u00e1n en grupos para un mayor aprovechamiento; los temas son: \u201cDramaturgia biogr\u00e1fica\u201d, \u201cDanza autobiogr\u00e1fica\u201d (a partir de textos escritos en la sesi\u00f3n del d\u00eda anterior), una puesta en com\u00fan con todos los materiales surgidos en las sesiones anteriores, y un coloquio sobre \u201cLos canales digitales, \u00bfuna nueva esperanza para las artes esc\u00e9nicas?\u201d.<\/p>\n\n\n\n<p>La \u00faltima actividad de la tarde la ocup\u00f3 una serie de lecturas dramatizadas sobre temas relacionados con las tem\u00e1ticas tratadas en las anteriores sesiones, a cargo de alumnos, profesores y algunos profesionales invitados.<\/p>\n\n\n\n<p><strong>D\u00eda 8 de septiembre<\/strong>:<\/p>\n\n\n\n<p>El mi\u00e9rcoles 8 de septiembre, d\u00eda festivo en el Principado de Asturias, se realizaron las siguientes actividades complementarias:<\/p>\n\n\n\n<p>&#8211; Visitas guiadas y teatralizadas al Teatro Palacio Vald\u00e9s<\/p>\n\n\n\n<p>&#8211; Estreno de la obra <em>White Chapel<\/em>, de Sa\u00fal Fern\u00e1ndez, en el Teatro Palacio Vald\u00e9s. Proyecto seleccionado para las ayudas de Producci\u00f3n y Art\u00edstica del Ayuntamiento de Avil\u00e9s.<\/p>\n\n\n\n<p><strong>PROFESIONALES PARTICIPANTES:<\/strong><\/p>\n\n\n\n<p>Las clases magistrales, lecturas dramatizadas y debates fueron impartidas por reconocidas personalidades del mundo de la escena: <strong>Ignacio Amestoy, Victoria Ateca, Daniel Bianco, Juan Carlos de la Madrid, Vidal de la Madrid, Nuria Gallardo, Ricardo Gassent, Carmen Gim\u00e9nez Morte, Cayetana Guill\u00e9n Cuervo, Pilar Jurado, Rosa Mer\u00e1s, Mag\u00fci Mira, Fefa Noia, Julia Oliva, Helena Pimenta, Juan Prieto, Denis Rafter, Juan Ruesga, Emilio Sagi, Alfredo Sanzol, Adolfo Sim\u00f3n, An\u00edbal Si\u00f1eriz, Jos\u00e9 Luis Sixto, Ana Vega Toscano, Pedro Yag\u00fce<\/strong>.<\/p>\n","protected":false},"excerpt":{"rendered":"","protected":false},"author":1,"featured_media":0,"parent":0,"menu_order":0,"comment_status":"closed","ping_status":"closed","template":"","meta":{"_generate-full-width-content":"","footnotes":""},"class_list":["post-1448","page","type-page","status-publish"],"_links":{"self":[{"href":"https:\/\/www.academiadelasartesescenicas.es\/escueladeverano\/wp-json\/wp\/v2\/pages\/1448","targetHints":{"allow":["GET"]}}],"collection":[{"href":"https:\/\/www.academiadelasartesescenicas.es\/escueladeverano\/wp-json\/wp\/v2\/pages"}],"about":[{"href":"https:\/\/www.academiadelasartesescenicas.es\/escueladeverano\/wp-json\/wp\/v2\/types\/page"}],"author":[{"embeddable":true,"href":"https:\/\/www.academiadelasartesescenicas.es\/escueladeverano\/wp-json\/wp\/v2\/users\/1"}],"replies":[{"embeddable":true,"href":"https:\/\/www.academiadelasartesescenicas.es\/escueladeverano\/wp-json\/wp\/v2\/comments?post=1448"}],"version-history":[{"count":2,"href":"https:\/\/www.academiadelasartesescenicas.es\/escueladeverano\/wp-json\/wp\/v2\/pages\/1448\/revisions"}],"predecessor-version":[{"id":1510,"href":"https:\/\/www.academiadelasartesescenicas.es\/escueladeverano\/wp-json\/wp\/v2\/pages\/1448\/revisions\/1510"}],"wp:attachment":[{"href":"https:\/\/www.academiadelasartesescenicas.es\/escueladeverano\/wp-json\/wp\/v2\/media?parent=1448"}],"curies":[{"name":"wp","href":"https:\/\/api.w.org\/{rel}","templated":true}]}}